{"id":2687,"date":"2026-05-06T14:40:45","date_gmt":"2026-05-06T12:40:45","guid":{"rendered":"https:\/\/wiki.s12.at\/index.php\/9-runde-staatsliga-a-1-simmeringer-sc-austria-salzburg\/"},"modified":"2026-05-06T14:40:45","modified_gmt":"2026-05-06T12:40:45","slug":"9-runde-staatsliga-a-1-simmeringer-sc-austria-salzburg","status":"publish","type":"page","link":"https:\/\/wiki.s12.at\/index.php\/9-runde-staatsliga-a-1-simmeringer-sc-austria-salzburg\/","title":{"rendered":"9.Runde, Staatsliga A, 1. Simmeringer SC &#8211; Austria Salzburg"},"content":{"rendered":"<div class=\"mw-parser-output\">\n<h3><span class=\"mw-headline\" id=\"Fakten\">Fakten<\/span><a href=\"\/index.php?title=9.Runde,_Staatsliga_A,_1._Simmeringer_SC_-_Austria_Salzburg&amp;action=edit&amp;section=1\" title=\"Abschnitt bearbeiten: Fakten\">Bearbeiten<\/a><span class=\"mw-editsection-bracket\">]<\/span><\/span><\/h3>\n<p><b>Staatsliga A- 9. Spieltag: 3. November 1962, 14.30 Uhr<\/b><br \/>\n\n<\/p>\n<table class=\"wikitable\">\n<caption><b><big>SC Simmering gegen SV Austria Salzburg, 0:1<\/big><\/b><br \/>\n<\/caption>\n<tbody>\n<tr>\n<td>Aufstellung:<\/td>\n<td><a href=\"\/Ersoy_S%C3%BCkr%C3%BC\" title=\"Ersoy S\u00fckr\u00fc\">Ersoy S\u00fckr\u00fc<\/a> <a href=\"\/Johann_Gegenhuber\" title=\"Johann Gegenhuber\">Johann Gegenhuber<\/a> <a href=\"\/Karl_Karel\" title=\"Karl Karel\">Karl Karel<\/a> <a href=\"\/Konrad_Sarcher\" title=\"Konrad Sarcher\">Konrad Sarcher<\/a> <a href=\"\/Franz_Feldinger\" title=\"Franz Feldinger\">Franz Feldinger<\/a> <a href=\"\/G%C3%BCnter_Praschak\" title=\"G\u00fcnter Praschak\">G\u00fcnter Praschak<\/a> <br \/><a href=\"\/Artur_Kibler\" title=\"Artur Kibler\">Artur Kibler<\/a> <a href=\"\/Rudolf_Pichler\" title=\"Rudolf Pichler\">Rudolf Pichler<\/a> <a href=\"\/Franz_Kappl\" title=\"Franz Kappl\">Franz Kappl <\/a> <a href=\"\/Gerhard_Wegrostek\" class=\"mw-redirect\" title=\"Gerhard Wegrostek\">Gerhard Wegrostek<\/a> <a href=\"\/Adolf_Macek\" title=\"Adolf Macek\">Adolf Macek<\/a>\n<\/td>\n<\/tr>\n<tr>\n<td>Wechsel:<\/td>\n<td>\n<\/td>\n<\/tr>\n<tr>\n<td>Endstand:<\/td>\n<td>0:1 (0:0)\n<\/td>\n<\/tr>\n<tr>\n<td>Torsch\u00fctzen:<\/td>\n<td>Kappl (73.)\n<\/td>\n<\/tr>\n<tr>\n<td>Gelbe Karten:<\/td>\n<td>\n<\/td>\n<\/tr>\n<tr>\n<td>Gelb-rote Karten:<\/td>\n<td>\n<\/td>\n<\/tr>\n<tr>\n<td>Rote Karten:<\/td>\n<td>\n<\/td>\n<\/tr>\n<tr>\n<td>Schiedsrichter:<\/td>\n<td>W\u00fchl\n<\/td>\n<\/tr>\n<tr>\n<td>Stadion:<\/td>\n<td>Simmeringer Sportplatz, Wien\n<\/td>\n<\/tr>\n<tr>\n<td>Zuschauer:<\/td>\n<td>2 000\n<\/td>\n<\/tr>\n<\/tbody>\n<\/table>\n<\/div>\n","protected":false},"excerpt":{"rendered":"<p>FaktenBearbeiten] Staatsliga A- 9. Spieltag: 3. November 1962, 14.30 Uhr SC Simmering gegen SV Austria Salzburg, 0:1 Aufstellung: Ersoy S\u00fckr\u00fc Johann Gegenhuber Karl Karel Konrad Sarcher Franz Feldinger G\u00fcnter Praschak Artur Kibler Rudolf Pichler Franz Kappl Gerhard Wegrostek Adolf Macek Wechsel: Endstand: 0:1 (0:0) Torsch\u00fctzen: Kappl (73.) Gelbe Karten: Gelb-rote Karten: Rote Karten: Schiedsrichter: W\u00fchl [&hellip;]<\/p>\n","protected":false},"author":1,"featured_media":0,"parent":0,"menu_order":0,"comment_status":"closed","ping_status":"closed","template":"","meta":{"footnotes":""},"class_list":["post-2687","page","type-page","status-publish","hentry"],"_links":{"self":[{"href":"https:\/\/wiki.s12.at\/index.php\/wp-json\/wp\/v2\/pages\/2687","targetHints":{"allow":["GET"]}}],"collection":[{"href":"https:\/\/wiki.s12.at\/index.php\/wp-json\/wp\/v2\/pages"}],"about":[{"href":"https:\/\/wiki.s12.at\/index.php\/wp-json\/wp\/v2\/types\/page"}],"author":[{"embeddable":true,"href":"https:\/\/wiki.s12.at\/index.php\/wp-json\/wp\/v2\/users\/1"}],"replies":[{"embeddable":true,"href":"https:\/\/wiki.s12.at\/index.php\/wp-json\/wp\/v2\/comments?post=2687"}],"version-history":[{"count":0,"href":"https:\/\/wiki.s12.at\/index.php\/wp-json\/wp\/v2\/pages\/2687\/revisions"}],"wp:attachment":[{"href":"https:\/\/wiki.s12.at\/index.php\/wp-json\/wp\/v2\/media?parent=2687"}],"curies":[{"name":"wp","href":"https:\/\/api.w.org\/{rel}","templated":true}]}}