{"id":24,"date":"2026-05-06T12:53:36","date_gmt":"2026-05-06T10:53:36","guid":{"rendered":"http:\/\/wiki.s12.at\/index.php\/1-fc-koeln-fc-rb-salzburg\/"},"modified":"2026-05-06T12:53:36","modified_gmt":"2026-05-06T10:53:36","slug":"1-fc-koeln-fc-rb-salzburg","status":"publish","type":"page","link":"https:\/\/wiki.s12.at\/index.php\/1-fc-koeln-fc-rb-salzburg\/","title":{"rendered":"1. FC K\u00f6ln &#8211; FC RB Salzburg"},"content":{"rendered":"<div class=\"mw-parser-output\">\n<h3><span class=\"mw-headline\" id=\"Fakten\">Fakten<\/span><a href=\"\/index.php?title=1._FC_K%C3%B6ln_-_FC_RB_Salzburg&amp;action=edit&amp;section=1\" title=\"Abschnitt bearbeiten: Fakten\">Bearbeiten<\/a><span class=\"mw-editsection-bracket\">]<\/span><\/span><\/h3>\n<p><b>Testspiel &#8211; 30. August 2006, 19 Uhr <\/b>\n<\/p>\n<table class=\"wikitable\">\n<caption><big>1. FC K\u00f6ln gegen FC Red Bull Salzburg , 1:0<\/big><br \/>\n<\/caption>\n<tbody>\n<tr>\n<td>Aufstellung:<\/td>\n<td><a href=\"\/Timo_Ochs\" title=\"Timo Ochs\">Timo Ochs<\/a>(46&#8242; <a href=\"\/Ramazan_%C3%96zcan\" title=\"Ramazan \u00d6zcan\">Ramazan \u00d6zcan<\/a>) <a href=\"\/Thomas_Winklhofer\" title=\"Thomas Winklhofer\">Thomas Winklhofer<\/a> <a href=\"\/Jorge_Vargas\" title=\"Jorge Vargas\">Jorge Vargas<\/a> <a href=\"\/Milan_Dudic\" class=\"mw-redirect\" title=\"Milan Dudic\">Milan Dudic<\/a> <a href=\"\/Markus_Steinh%C3%B6fer\" title=\"Markus Steinh\u00f6fer\">Markus Steinh\u00f6fer<\/a> <a href=\"\/Remo_Meyer\" class=\"mw-redirect\" title=\"Remo Meyer\">Remo Meyer<\/a> <a href=\"\/Christian_Tiffert\" title=\"Christian Tiffert\">Christian Tiffert<\/a> (46&#8242; <a href=\"\/Vratislav_Lokvenc\" title=\"Vratislav Lokvenc\">Vratislav Lokvenc<\/a>) <a href=\"\/Ezequiel_Carboni\" class=\"mw-redirect\" title=\"Ezequiel Carboni\">Ezequiel Carboni<\/a> (70&#8242; <a href=\"\/Alexander_P%C3%B6llhuber\" title=\"Alexander P\u00f6llhuber\">Alexander P\u00f6llhuber<\/a>) <a href=\"\/Vladimir_Janocko\" class=\"mw-redirect\" title=\"Vladimir Janocko\">Vladimir Janocko<\/a> <a href=\"\/Patrik_Jezek\" class=\"mw-redirect\" title=\"Patrik Jezek\">Patrik Jezek<\/a> (56&#8242; <a href=\"\/Laszlo_Bodnar\" title=\"Laszlo Bodnar\">Laszlo Bodnar<\/a>)<a href=\"\/Marc_Janko\" title=\"Marc Janko\">Marc Janko<\/a> (70&#8242; <a href=\"\/Peter_Orosz\" title=\"Peter Orosz\">Peter Orosz<\/a>)\n<\/td>\n<\/tr>\n<tr>\n<td>Endstand:<\/td>\n<td>1:0 (1:0)\n<\/td>\n<\/tr>\n<tr>\n<td>Torsch\u00fctzen:<\/td>\n<td>Gambino (8.)\n<\/td>\n<\/tr>\n<tr>\n<td>Gelbe Karten:<\/td>\n<td>\n<\/td>\n<\/tr>\n<tr>\n<td>Gelb-rote Karten:<\/td>\n<td>\n<\/td>\n<\/tr>\n<tr>\n<td>Rote Karten:<\/td>\n<td>\n<\/td>\n<\/tr>\n<tr>\n<td>Schiedsrichter:<\/td>\n<td>\n<\/td>\n<\/tr>\n<tr>\n<td>Stadion:<\/td>\n<td>Aggerstadion, K\u00f6ln-Troisdorf\n<\/td>\n<\/tr>\n<tr>\n<td>Zuschauer:<\/td>\n<td>2 000\n<\/td>\n<\/tr>\n<\/tbody>\n<\/table>\n<\/div>\n","protected":false},"excerpt":{"rendered":"<p>FaktenBearbeiten] Testspiel &#8211; 30. August 2006, 19 Uhr 1. FC K\u00f6ln gegen FC Red Bull Salzburg , 1:0 Aufstellung: Timo Ochs(46&#8242; Ramazan \u00d6zcan) Thomas Winklhofer Jorge Vargas Milan Dudic Markus Steinh\u00f6fer Remo Meyer Christian Tiffert (46&#8242; Vratislav Lokvenc) Ezequiel Carboni (70&#8242; Alexander P\u00f6llhuber) Vladimir Janocko Patrik Jezek (56&#8242; Laszlo Bodnar)Marc Janko (70&#8242; Peter Orosz) Endstand: [&hellip;]<\/p>\n","protected":false},"author":1,"featured_media":0,"parent":0,"menu_order":0,"comment_status":"closed","ping_status":"closed","template":"","meta":{"footnotes":""},"class_list":["post-24","page","type-page","status-publish","hentry"],"_links":{"self":[{"href":"https:\/\/wiki.s12.at\/index.php\/wp-json\/wp\/v2\/pages\/24","targetHints":{"allow":["GET"]}}],"collection":[{"href":"https:\/\/wiki.s12.at\/index.php\/wp-json\/wp\/v2\/pages"}],"about":[{"href":"https:\/\/wiki.s12.at\/index.php\/wp-json\/wp\/v2\/types\/page"}],"author":[{"embeddable":true,"href":"https:\/\/wiki.s12.at\/index.php\/wp-json\/wp\/v2\/users\/1"}],"replies":[{"embeddable":true,"href":"https:\/\/wiki.s12.at\/index.php\/wp-json\/wp\/v2\/comments?post=24"}],"version-history":[{"count":0,"href":"https:\/\/wiki.s12.at\/index.php\/wp-json\/wp\/v2\/pages\/24\/revisions"}],"wp:attachment":[{"href":"https:\/\/wiki.s12.at\/index.php\/wp-json\/wp\/v2\/media?parent=24"}],"curies":[{"name":"wp","href":"https:\/\/api.w.org\/{rel}","templated":true}]}}