{"id":1823,"date":"2026-05-06T14:05:48","date_gmt":"2026-05-06T12:05:48","guid":{"rendered":"https:\/\/wiki.s12.at\/index.php\/3-runde-staatsliga-a-austria-salzburg-lask\/"},"modified":"2026-05-06T14:05:48","modified_gmt":"2026-05-06T12:05:48","slug":"3-runde-staatsliga-a-austria-salzburg-lask","status":"publish","type":"page","link":"https:\/\/wiki.s12.at\/index.php\/3-runde-staatsliga-a-austria-salzburg-lask\/","title":{"rendered":"3.Runde, Staatsliga A, Austria Salzburg &#8211; LASK"},"content":{"rendered":"<div class=\"mw-parser-output\">\n<h3><span class=\"mw-headline\" id=\"Fakten\">Fakten<\/span><a href=\"\/index.php?title=3.Runde,_Staatsliga_A,_Austria_Salzburg_-_LASK&amp;action=edit&amp;section=1\" title=\"Abschnitt bearbeiten: Fakten\">Bearbeiten<\/a><span class=\"mw-editsection-bracket\">]<\/span><\/span><\/h3>\n<p><b>Staatsliga A- 3. Spieltag: 8. September 1962, 16.30 Uhr<\/b><br \/>\n\n<\/p>\n<table class=\"wikitable\">\n<caption><b><big>SV Austria Salzburg gegen LASK, 1:2<\/big><\/b><br \/>\n<\/caption>\n<tbody>\n<tr>\n<td>Aufstellung:<\/td>\n<td><a href=\"\/Ersoy_S%C3%BCkr%C3%BC\" title=\"Ersoy S\u00fckr\u00fc\">Ersoy S\u00fckr\u00fc<\/a> <a href=\"\/Johann_Gegenhuber\" title=\"Johann Gegenhuber\">Johann Gegenhuber<\/a> <a href=\"\/Karl_Karel\" title=\"Karl Karel\">Karl Karel<\/a> <a href=\"\/Konrad_Sarcher\" title=\"Konrad Sarcher\">Konrad Sarcher<\/a> <a href=\"\/Josef_H%C3%B6ckner\" title=\"Josef H\u00f6ckner\">Josef H\u00f6ckner<\/a> <a href=\"\/G%C3%BCnter_Praschak\" title=\"G\u00fcnter Praschak\">G\u00fcnter Praschak<\/a> <br \/><a href=\"\/Bayraktutan_Turhan\" title=\"Bayraktutan Turhan\">Bayraktutan Turhan<\/a> <a href=\"\/Franz_Kappl\" title=\"Franz Kappl\">Franz Kappl<\/a> <a href=\"\/Rudolf_Pichler\" title=\"Rudolf Pichler\">Rudolf Pichler<\/a> <a href=\"\/Norbert_Schilling\" title=\"Norbert Schilling\">Norbert Schilling<\/a> <a href=\"\/Adolf_Macek\" title=\"Adolf Macek\">Adolf Macek<\/a>\n<\/td>\n<\/tr>\n<tr>\n<td>Wechsel:<\/td>\n<td>\n<\/td>\n<\/tr>\n<tr>\n<td>Endstand:<\/td>\n<td>1:2 (1:0)\n<\/td>\n<\/tr>\n<tr>\n<td>Torsch\u00fctzen:<\/td>\n<td>Kappl (4.);  Nemeth (48.), Sturmberger (75.)\n<\/td>\n<\/tr>\n<tr>\n<td>Gelbe Karten:<\/td>\n<td>\n<\/td>\n<\/tr>\n<tr>\n<td>Gelb-rote Karten:<\/td>\n<td>\n<\/td>\n<\/tr>\n<tr>\n<td>Rote Karten:<\/td>\n<td>\n<\/td>\n<\/tr>\n<tr>\n<td>Schiedsrichter:<\/td>\n<td>Karl Kainer\n<\/td>\n<\/tr>\n<tr>\n<td>Stadion:<\/td>\n<td>Austria-Platz, Salzburg-Lehen\n<\/td>\n<\/tr>\n<tr>\n<td>Zuschauer:<\/td>\n<td>12 000\n<\/td>\n<\/tr>\n<\/tbody>\n<\/table>\n<\/div>\n","protected":false},"excerpt":{"rendered":"<p>FaktenBearbeiten] Staatsliga A- 3. Spieltag: 8. September 1962, 16.30 Uhr SV Austria Salzburg gegen LASK, 1:2 Aufstellung: Ersoy S\u00fckr\u00fc Johann Gegenhuber Karl Karel Konrad Sarcher Josef H\u00f6ckner G\u00fcnter Praschak Bayraktutan Turhan Franz Kappl Rudolf Pichler Norbert Schilling Adolf Macek Wechsel: Endstand: 1:2 (1:0) Torsch\u00fctzen: Kappl (4.); Nemeth (48.), Sturmberger (75.) Gelbe Karten: Gelb-rote Karten: Rote [&hellip;]<\/p>\n","protected":false},"author":1,"featured_media":0,"parent":0,"menu_order":0,"comment_status":"closed","ping_status":"closed","template":"","meta":{"footnotes":""},"class_list":["post-1823","page","type-page","status-publish","hentry"],"_links":{"self":[{"href":"https:\/\/wiki.s12.at\/index.php\/wp-json\/wp\/v2\/pages\/1823","targetHints":{"allow":["GET"]}}],"collection":[{"href":"https:\/\/wiki.s12.at\/index.php\/wp-json\/wp\/v2\/pages"}],"about":[{"href":"https:\/\/wiki.s12.at\/index.php\/wp-json\/wp\/v2\/types\/page"}],"author":[{"embeddable":true,"href":"https:\/\/wiki.s12.at\/index.php\/wp-json\/wp\/v2\/users\/1"}],"replies":[{"embeddable":true,"href":"https:\/\/wiki.s12.at\/index.php\/wp-json\/wp\/v2\/comments?post=1823"}],"version-history":[{"count":0,"href":"https:\/\/wiki.s12.at\/index.php\/wp-json\/wp\/v2\/pages\/1823\/revisions"}],"wp:attachment":[{"href":"https:\/\/wiki.s12.at\/index.php\/wp-json\/wp\/v2\/media?parent=1823"}],"curies":[{"name":"wp","href":"https:\/\/api.w.org\/{rel}","templated":true}]}}