{"id":1369,"date":"2026-05-06T13:46:51","date_gmt":"2026-05-06T11:46:51","guid":{"rendered":"https:\/\/wiki.s12.at\/index.php\/23-runde-fc-kaernten-gegen-red-bull-salzburg-juniors\/"},"modified":"2026-05-06T13:46:51","modified_gmt":"2026-05-06T11:46:51","slug":"23-runde-fc-kaernten-gegen-red-bull-salzburg-juniors","status":"publish","type":"page","link":"https:\/\/wiki.s12.at\/index.php\/23-runde-fc-kaernten-gegen-red-bull-salzburg-juniors\/","title":{"rendered":"23. Runde, FC K\u00e4rnten gegen Red Bull Salzburg Juniors"},"content":{"rendered":"<div class=\"mw-parser-output\">\n<h3><span class=\"mw-headline\" id=\"Fakten\">Fakten<\/span><a href=\"\/index.php?title=23._Runde,_FC_K%C3%A4rnten_gegen_Red_Bull_Salzburg_Juniors&amp;action=edit&amp;section=1\" title=\"Abschnitt bearbeiten: Fakten\">Bearbeiten<\/a><span class=\"mw-editsection-bracket\">]<\/span><\/span><\/h3>\n<p><b>Heute f\u00fcr Morgen 1. Liga &#8211; 23. Spieltag: 28. M\u00e4rz 2008, 19 Uhr<\/b><br \/>\n\n<\/p>\n<table class=\"wikitable\">\n<caption><b> <big>FC K\u00e4rnten gegen FC Red Bull Salzburg Juniors , 0:0<\/big><\/b><br \/>\n<\/caption>\n<tbody>\n<tr>\n<td>Aufstellung:<\/td>\n<td><a href=\"\/Harald_Planer\" title=\"Harald Planer\">Harald Planer<\/a>  <a href=\"\/Michael_Obermair\" title=\"Michael Obermair\">Michael Obermair<\/a> <a href=\"\/Richard_Kitzbichler\" title=\"Richard Kitzbichler\">Richard Kitzbichler<\/a> <a href=\"\/Christoph_Mattes\" title=\"Christoph Mattes\">Christoph Mattes<\/a> (80. <a href=\"\/Agim_Ibraimi\" title=\"Agim Ibraimi\">Agim Ibraimi<\/a>) <a href=\"\/Marin_Matos\" title=\"Marin Matos\">Marin Matos<\/a> (89. <a href=\"\/Raimund_Friedl\" title=\"Raimund Friedl\">Raimund Friedl<\/a>) <a href=\"\/Stefan_Ilsanker\" title=\"Stefan Ilsanker\">Stefan Ilsanker<\/a> <a href=\"\/Markus_Felfernig\" title=\"Markus Felfernig\">Markus Felfernig<\/a> (78. <a href=\"\/index.php?title=Dominic_Borozni&amp;action=edit&amp;redlink=1\" class=\"new\" title=\"Dominic Borozni (Seite nicht vorhanden)\">Dominic Borozni<\/a>) <a href=\"\/Piero_Minoretti\" title=\"Piero Minoretti\">Piero Minoretti<\/a> <a href=\"\/Ernst_%C3%96bster\" title=\"Ernst \u00d6bster\">Ernst \u00d6bster<\/a> <a href=\"\/Norman_Prenn\" title=\"Norman Prenn\">Norman Prenn<\/a> <a href=\"\/Jan_Marc_Riegler\" class=\"mw-redirect\" title=\"Jan Marc Riegler\">Jan Marc Riegler<\/a>\n<\/td>\n<\/tr>\n<tr>\n<td>Endstand:<\/td>\n<td>0:0\n<\/td>\n<\/tr>\n<tr>\n<td>Torsch\u00fctzen:<\/td>\n<td>\n<\/td>\n<\/tr>\n<tr>\n<td>Gelbe Karten:<\/td>\n<td>Steiner (30.), Bukva (75.), Riedl (87.), Hinum (91.);  Kitzbichler (27.), Prenn (51.), Ibraimi (87.)\n<\/td>\n<\/tr>\n<tr>\n<td>Gelb-rote Karten:<\/td>\n<td>\n<\/td>\n<\/tr>\n<tr>\n<td>Rote Karten:<\/td>\n<td>\n<\/td>\n<\/tr>\n<tr>\n<td>Schiedsrichter:<\/td>\n<td>Christian Dintar\n<\/td>\n<\/tr>\n<tr>\n<td>Stadion:<\/td>\n<td>Sportzentrum Fischl, Klagenfurt\n<\/td>\n<\/tr>\n<tr>\n<td>Zuschauer:<\/td>\n<td>518\n<\/td>\n<\/tr>\n<\/tbody>\n<\/table>\n<\/div>\n","protected":false},"excerpt":{"rendered":"<p>FaktenBearbeiten] Heute f\u00fcr Morgen 1. Liga &#8211; 23. Spieltag: 28. M\u00e4rz 2008, 19 Uhr FC K\u00e4rnten gegen FC Red Bull Salzburg Juniors , 0:0 Aufstellung: Harald Planer Michael Obermair Richard Kitzbichler Christoph Mattes (80. Agim Ibraimi) Marin Matos (89. Raimund Friedl) Stefan Ilsanker Markus Felfernig (78. Dominic Borozni) Piero Minoretti Ernst \u00d6bster Norman Prenn Jan [&hellip;]<\/p>\n","protected":false},"author":1,"featured_media":0,"parent":0,"menu_order":0,"comment_status":"closed","ping_status":"closed","template":"","meta":{"footnotes":""},"class_list":["post-1369","page","type-page","status-publish","hentry"],"_links":{"self":[{"href":"https:\/\/wiki.s12.at\/index.php\/wp-json\/wp\/v2\/pages\/1369","targetHints":{"allow":["GET"]}}],"collection":[{"href":"https:\/\/wiki.s12.at\/index.php\/wp-json\/wp\/v2\/pages"}],"about":[{"href":"https:\/\/wiki.s12.at\/index.php\/wp-json\/wp\/v2\/types\/page"}],"author":[{"embeddable":true,"href":"https:\/\/wiki.s12.at\/index.php\/wp-json\/wp\/v2\/users\/1"}],"replies":[{"embeddable":true,"href":"https:\/\/wiki.s12.at\/index.php\/wp-json\/wp\/v2\/comments?post=1369"}],"version-history":[{"count":0,"href":"https:\/\/wiki.s12.at\/index.php\/wp-json\/wp\/v2\/pages\/1369\/revisions"}],"wp:attachment":[{"href":"https:\/\/wiki.s12.at\/index.php\/wp-json\/wp\/v2\/media?parent=1369"}],"curies":[{"name":"wp","href":"https:\/\/api.w.org\/{rel}","templated":true}]}}