{"id":120,"date":"2026-05-06T12:54:50","date_gmt":"2026-05-06T10:54:50","guid":{"rendered":"http:\/\/wiki.s12.at\/index.php\/1-runde-union-st-florian-gegen-fc-red-bull-salzburg\/"},"modified":"2026-05-06T12:54:50","modified_gmt":"2026-05-06T10:54:50","slug":"1-runde-union-st-florian-gegen-fc-red-bull-salzburg","status":"publish","type":"page","link":"https:\/\/wiki.s12.at\/index.php\/1-runde-union-st-florian-gegen-fc-red-bull-salzburg\/","title":{"rendered":"1. Runde, Union St. Florian gegen FC Red Bull Salzburg"},"content":{"rendered":"<div class=\"mw-parser-output\">\n<h3><span class=\"mw-headline\" id=\"Fakten\">Fakten<\/span><a href=\"\/index.php?title=1._Runde,_Union_St._Florian_gegen_FC_Red_Bull_Salzburg&amp;action=edit&amp;section=1\" title=\"Abschnitt bearbeiten: Fakten\">Bearbeiten<\/a><span class=\"mw-editsection-bracket\">]<\/span><\/span><\/h3>\n<p><b>\u00d6FB-Cup,1. Runde: 14. Juli 2013, 19 Uhr<\/b><br \/>\n\n<\/p>\n<table class=\"wikitable\">\n<caption><big> <b>Union St. Florian gegen Red Bull Salzburg, 0:9<\/b><\/big><br \/>\n<\/caption>\n<tbody>\n<tr>\n<td>Aufstellung:<\/td>\n<td><a href=\"\/Peter_Gulacsi\" class=\"mw-redirect\" title=\"Peter Gulacsi\">Peter Gulacsi<\/a>\n<\/td>\n<\/tr>\n<tr>\n<td><\/td>\n<td><a href=\"\/Christian_Schwegler\" title=\"Christian Schwegler\">Christian Schwegler<\/a> <a href=\"\/Martin_Hinteregger\" title=\"Martin Hinteregger\">Martin Hinteregger<\/a> <a href=\"\/Andre_Ramalho\" class=\"mw-redirect\" title=\"Andre Ramalho\">Andre Ramalho<\/a> <a href=\"\/Andreas_Ulmer\" title=\"Andreas Ulmer\">Andreas Ulmer<\/a>\n<\/td>\n<\/tr>\n<tr>\n<td><\/td>\n<td><a href=\"\/Sadio_Man%C3%A9\" title=\"Sadio Man\u00e9\">Sadio Man\u00e9<\/a> <a href=\"\/Stefan_Ilsanker\" title=\"Stefan Ilsanker\">Stefan Ilsanker<\/a> <a href=\"\/Marco_Meilinger\" title=\"Marco Meilinger\">Marco Meilinger<\/a> <a href=\"\/Kevin_Kampl\" title=\"Kevin Kampl\">Kevin Kampl<\/a>\n<\/td>\n<\/tr>\n<tr>\n<td><\/td>\n<td><a href=\"\/Jonathan_Soriano\" class=\"mw-redirect\" title=\"Jonathan Soriano\">Jonathan Soriano<\/a> <a href=\"\/Alan\" title=\"Alan\">Alan<\/a>\n<\/td>\n<\/tr>\n<tr>\n<td>Wechsel:<\/td>\n<td><a href=\"\/Florian_Klein\" title=\"Florian Klein\">Florian Klein<\/a> f\u00fcr Schwegler (46.), <a href=\"\/Stefan_Hierl%C3%A4nder\" title=\"Stefan Hierl\u00e4nder\">Stefan Hierl\u00e4nder<\/a> f\u00fcr Kampl (58.), <a href=\"\/Havard_Nielsen\" title=\"Havard Nielsen\">Havard Nielsen<\/a> f\u00fcr Alan (67.)\n<\/td>\n<\/tr>\n<tr>\n<td>Endstand:<\/td>\n<td>0:9 (0:4)\n<\/td>\n<\/tr>\n<tr>\n<td>Torsch\u00fctzen:<\/td>\n<td>Hinteregger (10.), Meilinger (14.), Alan (18.), Ilsanker (36.), Soriano (54., 56., 67.), Man\u00e9 (73.), Nielsen (86.)\n<\/td>\n<\/tr>\n<tr>\n<td>Gelbe Karten:<\/td>\n<td>Mayr (44.);Schwegler (31.)\n<\/td>\n<\/tr>\n<tr>\n<td>Gelb-rote Karten:<\/td>\n<td>\n<\/td>\n<\/tr>\n<tr>\n<td>Rote Karten:<\/td>\n<td>\n<\/td>\n<\/tr>\n<tr>\n<td>Schiedsrichter:<\/td>\n<td>Alain Hoxha\n<\/td>\n<\/tr>\n<tr>\n<td>Stadion:<\/td>\n<td>Sportpark St.Florian\n<\/td>\n<\/tr>\n<tr>\n<td>Zuschauer:<\/td>\n<td>1 500\n<\/td>\n<\/tr>\n<\/tbody>\n<\/table>\n<\/div>\n","protected":false},"excerpt":{"rendered":"<p>FaktenBearbeiten] \u00d6FB-Cup,1. Runde: 14. Juli 2013, 19 Uhr Union St. Florian gegen Red Bull Salzburg, 0:9 Aufstellung: Peter Gulacsi Christian Schwegler Martin Hinteregger Andre Ramalho Andreas Ulmer Sadio Man\u00e9 Stefan Ilsanker Marco Meilinger Kevin Kampl Jonathan Soriano Alan Wechsel: Florian Klein f\u00fcr Schwegler (46.), Stefan Hierl\u00e4nder f\u00fcr Kampl (58.), Havard Nielsen f\u00fcr Alan (67.) Endstand: [&hellip;]<\/p>\n","protected":false},"author":1,"featured_media":0,"parent":0,"menu_order":0,"comment_status":"closed","ping_status":"closed","template":"","meta":{"footnotes":""},"class_list":["post-120","page","type-page","status-publish","hentry"],"_links":{"self":[{"href":"https:\/\/wiki.s12.at\/index.php\/wp-json\/wp\/v2\/pages\/120","targetHints":{"allow":["GET"]}}],"collection":[{"href":"https:\/\/wiki.s12.at\/index.php\/wp-json\/wp\/v2\/pages"}],"about":[{"href":"https:\/\/wiki.s12.at\/index.php\/wp-json\/wp\/v2\/types\/page"}],"author":[{"embeddable":true,"href":"https:\/\/wiki.s12.at\/index.php\/wp-json\/wp\/v2\/users\/1"}],"replies":[{"embeddable":true,"href":"https:\/\/wiki.s12.at\/index.php\/wp-json\/wp\/v2\/comments?post=120"}],"version-history":[{"count":0,"href":"https:\/\/wiki.s12.at\/index.php\/wp-json\/wp\/v2\/pages\/120\/revisions"}],"wp:attachment":[{"href":"https:\/\/wiki.s12.at\/index.php\/wp-json\/wp\/v2\/media?parent=120"}],"curies":[{"name":"wp","href":"https:\/\/api.w.org\/{rel}","templated":true}]}}